{"id":1236,"date":"2023-10-22T17:30:31","date_gmt":"2023-10-22T15:30:31","guid":{"rendered":"https:\/\/www.zumgoldenenschnitt.ch\/?page_id=1236"},"modified":"2026-03-05T13:44:09","modified_gmt":"2026-03-05T12:44:09","slug":"augenlidstraffung-kleine-op-grosse-wirkung","status":"publish","type":"page","link":"https:\/\/www.zumgoldenenschnitt.ch\/fr\/lifting-des-paupieres-petite-operation-grands-effets\/","title":{"rendered":"Raffermissement des paupi\u00e8res - Petite op\u00e9ration, grand effet !"},"content":{"rendered":"<p>B\u00e2le, le 9 octobre 2023<\/p>\n<p>Redonnez de l'\u00e9clat \u00e0 vos yeux !<\/p>\n<p>Les paupi\u00e8res tombantes font souvent para\u00eetre les yeux plus petits et donnent souvent une expression fatigu\u00e9e et triste. Les paupi\u00e8res lourdes exercent une pression et entra\u00eenent souvent un soul\u00e8vement compensatoire des paupi\u00e8res. Pour les femmes, le maquillage des yeux est plus difficile, le trait de crayon s'\u00e9tale ou n'est m\u00eame plus visible.<\/p>\n<p>Une petite op\u00e9ration produit ici un grand effet : avec une <a href=\"https:\/\/www.zumgoldenenschnitt.ch\/fr\/offre\/yeux\/lifting-des-paupieres-operations-des-paupieres-tombantes\/\">lifting des paupi\u00e8res (lifting de la paupi\u00e8re sup\u00e9rieure)<\/a> permet d'\u00e9liminer l'exc\u00e8s de peau au niveau de la paupi\u00e8re sup\u00e9rieure et de \"rouvrir\" votre regard, vous redonnant ainsi un air frais et repos\u00e9. L'op\u00e9ration de la paupi\u00e8re tombante se fait g\u00e9n\u00e9ralement sous anesth\u00e9sie locale et dure moins d'une heure. Vous pouvez rentrer chez vous imm\u00e9diatement apr\u00e8s l'op\u00e9ration.<\/p>\n\t\t\t\t<img loading=\"lazy\" decoding=\"async\" src=\"https:\/\/www.zumgoldenenschnitt.ch\/wp-content\/uploads\/2023\/09\/journal-augenlidstraffung-schlupflider-entfernen.jpg\" alt=\"journal lifting des paupi\u00e8res supprimer les paupi\u00e8res tombantes\" itemprop=\"image\" height=\"1000\" width=\"1000\" title=\"Journal lifting des paupi\u00e8res \u00e9liminer les paupi\u00e8res tombantes\" onerror=\"this.style.display='none'\"  \/>\n\t<p>Les pansements fins et les fils sont retir\u00e9s au bout de 5 \u00e0 7 jours seulement, ce qui vous permet de retrouver une vie sociale normale et de reprendre vos activit\u00e9s quotidiennes au bout d'une \u00e0 deux semaines maximum.<\/p>\n<p>Dans notre clinique de chirurgie plastique &amp; esth\u00e9tique \u00e0 B\u00e2le, la <a href=\"https:\/\/www.zumgoldenenschnitt.ch\/fr\/offre\/yeux\/lifting-des-paupieres-operations-des-paupieres-tombantes\/\">Lifting de la paupi\u00e8re sup\u00e9rieure<\/a> souvent aussi avec une <a href=\"https:\/\/www.zumgoldenenschnitt.ch\/fr\/offre\/yeux\/lifting-des-paupieres-inferieures-extraction-des-poches-sous-les-yeux\/\">Lifting de la paupi\u00e8re inf\u00e9rieure<\/a> sont combin\u00e9es entre elles. Ainsi, les paupi\u00e8res tombantes et les poches sous les yeux peuvent \u00eatre \u00e9limin\u00e9es sans probl\u00e8me en une seule op\u00e9ration.<\/p>\n<p>Sp\u00e9cialiste en chirurgie plastique, reconstructive et esth\u00e9tique, le Dr L\u00fcdi est sp\u00e9cialis\u00e9 dans les op\u00e9rations esth\u00e9tiques des paupi\u00e8res et attache une grande importance \u00e0 un conseil individuel et personnalis\u00e9 ainsi qu'\u00e0 des r\u00e9sultats de traitement naturels.<\/p>\n<p>R\u00e9servez d\u00e8s maintenant votre rendez-vous de consultation personnel en ligne ! Nous nous r\u00e9jouissons de votre visite dans notre clinique \u00e0 B\u00e2le.<\/p>\n\t\t\t<a href=\"https:\/\/booking.epat.ch\/goldenschnitt\/booking\" target=\"_blank\" rel=\"noopener\" role=\"button\" aria-label=\"R\u00e9server un rendez-vous de consultation\">\n\t\t\t\t\t\t\tR\u00e9server un rendez-vous de consultation\n\t\t<\/a>","protected":false},"excerpt":{"rendered":"<p>B\u00e2le, le 9 octobre 2023 Redonnez de l'\u00e9clat \u00e0 vos yeux ! Les paupi\u00e8res tombantes font souvent para\u00eetre les yeux plus petits et donnent souvent une expression fatigu\u00e9e et triste. Les paupi\u00e8res lourdes exercent une pression et entra\u00eenent souvent un soul\u00e8vement compensatoire des paupi\u00e8res. Pour les dames, le maquillage des yeux est plus difficile, le trait de crayon s'\u00e9tale ou [...].<\/p>","protected":false},"author":4,"featured_media":0,"parent":0,"menu_order":0,"comment_status":"closed","ping_status":"closed","template":"","meta":{"_seopress_robots_primary_cat":"","_seopress_titles_title":"Augenlidstraffung - Kleine OP, grosse Wirkung! | Journal 9. Oktober 2023 | Dr. Simona L\u00fcdi | Basel","_seopress_titles_desc":"Eine Augenlidstraffung \/ Oberlidstraffung ist eine kleine OP mit grosser Wirkung. Frau Dr. Simona L\u00fcdi ber\u00e4t Sie gerne in unserer Klinik in Basel.","_seopress_robots_index":"","inline_featured_image":false,"site-sidebar-layout":"default","site-content-layout":"","ast-site-content-layout":"default","site-content-style":"default","site-sidebar-style":"default","ast-global-header-display":"","ast-banner-title-visibility":"","ast-main-header-display":"","ast-hfb-above-header-display":"","ast-hfb-below-header-display":"","ast-hfb-mobile-header-display":"","site-post-title":"","ast-breadcrumbs-content":"","ast-featured-img":"","footer-sml-layout":"","theme-transparent-header-meta":"","adv-header-id-meta":"","stick-header-meta":"","header-above-stick-meta":"","header-main-stick-meta":"","header-below-stick-meta":"","astra-migrate-meta-layouts":"set","ast-page-background-enabled":"default","ast-page-background-meta":{"desktop":{"background-color":"var(--ast-global-color-4)","background-image":"","background-repeat":"repeat","background-position":"center center","background-size":"auto","background-attachment":"scroll","background-type":"","background-media":"","overlay-type":"","overlay-color":"","overlay-opacity":"","overlay-gradient":""},"tablet":{"background-color":"","background-image":"","background-repeat":"repeat","background-position":"center center","background-size":"auto","background-attachment":"scroll","background-type":"","background-media":"","overlay-type":"","overlay-color":"","overlay-opacity":"","overlay-gradient":""},"mobile":{"background-color":"","background-image":"","background-repeat":"repeat","background-position":"center center","background-size":"auto","background-attachment":"scroll","background-type":"","background-media":"","overlay-type":"","overlay-color":"","overlay-opacity":"","overlay-gradient":""}},"ast-content-background-meta":{"desktop":{"background-color":"var(--ast-global-color-5)","background-image":"","background-repeat":"repeat","background-position":"center center","background-size":"auto","background-attachment":"scroll","background-type":"","background-media":"","overlay-type":"","overlay-color":"","overlay-opacity":"","overlay-gradient":""},"tablet":{"background-color":"var(--ast-global-color-5)","background-image":"","background-repeat":"repeat","background-position":"center center","background-size":"auto","background-attachment":"scroll","background-type":"","background-media":"","overlay-type":"","overlay-color":"","overlay-opacity":"","overlay-gradient":""},"mobile":{"background-color":"var(--ast-global-color-5)","background-image":"","background-repeat":"repeat","background-position":"center center","background-size":"auto","background-attachment":"scroll","background-type":"","background-media":"","overlay-type":"","overlay-color":"","overlay-opacity":"","overlay-gradient":""}},"footnotes":""},"class_list":["post-1236","page","type-page","status-publish"],"_links":{"self":[{"href":"https:\/\/www.zumgoldenenschnitt.ch\/fr\/wp-json\/wp\/v2\/pages\/1236","targetHints":{"allow":["GET"]}}],"collection":[{"href":"https:\/\/www.zumgoldenenschnitt.ch\/fr\/wp-json\/wp\/v2\/pages"}],"about":[{"href":"https:\/\/www.zumgoldenenschnitt.ch\/fr\/wp-json\/wp\/v2\/types\/page"}],"author":[{"embeddable":true,"href":"https:\/\/www.zumgoldenenschnitt.ch\/fr\/wp-json\/wp\/v2\/users\/4"}],"replies":[{"embeddable":true,"href":"https:\/\/www.zumgoldenenschnitt.ch\/fr\/wp-json\/wp\/v2\/comments?post=1236"}],"version-history":[{"count":5,"href":"https:\/\/www.zumgoldenenschnitt.ch\/fr\/wp-json\/wp\/v2\/pages\/1236\/revisions"}],"predecessor-version":[{"id":2308,"href":"https:\/\/www.zumgoldenenschnitt.ch\/fr\/wp-json\/wp\/v2\/pages\/1236\/revisions\/2308"}],"wp:attachment":[{"href":"https:\/\/www.zumgoldenenschnitt.ch\/fr\/wp-json\/wp\/v2\/media?parent=1236"}],"curies":[{"name":"wp","href":"https:\/\/api.w.org\/{rel}","templated":true}]}}