{"id":183,"date":"2023-01-20T11:52:23","date_gmt":"2023-01-20T10:52:23","guid":{"rendered":"https:\/\/www.zumgoldenenschnitt.ch\/?page_id=183"},"modified":"2026-02-26T14:07:02","modified_gmt":"2026-02-26T13:07:02","slug":"doppelkinn-entfernen","status":"publish","type":"page","link":"https:\/\/www.zumgoldenenschnitt.ch\/fr\/offre\/visage\/double-menton-extraction\/","title":{"rendered":"Supprimer le double menton"},"content":{"rendered":"<p>En cas de double menton g\u00eanant, le tissu adipeux sous-cutan\u00e9 peut \u00eatre r\u00e9duit par liposuccion sous anesth\u00e9sie locale. L'objectif de cette op\u00e9ration est d'obtenir une ligne de m\u00e2choire inf\u00e9rieure nette ainsi qu'un angle menton-cou bien d\u00e9fini.<\/p>\n\t\t\t\t<img loading=\"lazy\" decoding=\"async\" src=\"https:\/\/www.zumgoldenenschnitt.ch\/wp-content\/uploads\/2023\/01\/1-doppelkinn-entfernen-infos.svg\" alt=\"1 infos pour enlever le double menton\" itemprop=\"image\" height=\"1000\" width=\"1000\" title=\"1-double menton-extraction-infos\" onerror=\"this.style.display='none'\">\n\t\t\t\t<img loading=\"lazy\" decoding=\"async\" src=\"https:\/\/www.zumgoldenenschnitt.ch\/wp-content\/uploads\/2023\/01\/doppelkinn-entfernen-basel.jpg\" alt=\"\u00e9liminer le double menton basel\" itemprop=\"image\" height=\"1000\" width=\"1000\" title=\"double menton-extraction-basel\" onerror=\"this.style.display='none'\">\n\t<h2>La consultation<\/h2>\n<p>Lors d'une premi\u00e8re consultation d\u00e9taill\u00e9e, le Dr L\u00fcdi prend le temps de r\u00e9pondre \u00e0 votre demande, analyse avec vous les r\u00e9sultats et vous conseille sur les possibilit\u00e9s de traitement. L\u00fcdi vous explique ensuite la technique op\u00e9ratoire et le trac\u00e9 exact de l'incision \u00e0 l'aide de photos et de dessins et discute avec vous des soins postop\u00e9ratoires ainsi que des risques et complications \u00e9ventuels. Il est tr\u00e8s important pour nous que vous soyez bien inform\u00e9(e) sur l'intervention, que nous r\u00e9pondions \u00e0 toutes les questions en suspens et que vos souhaits soient pris en compte.<\/p>\n<h2>Le jour de l'op\u00e9ration<\/h2>\n<p>Le jour de l'op\u00e9ration, le Dr L\u00fcdi r\u00e9alise une documentation photographique avant l'intervention et dessine avec pr\u00e9cision les zones du menton \u00e0 aspirer. Ensuite, elle vous pr\u00e9pare \u00e0 l'op\u00e9ration \u00e0 venir et vous accompagne en salle d'op\u00e9ration.<\/p>\n<h2>L'op\u00e9ration<\/h2>\n<p>La double correction du menton peut \u00eatre r\u00e9alis\u00e9e en ambulatoire, sous anesth\u00e9sie locale ou sous somnolence, dans notre propre salle d'op\u00e9ration clinique \u00e0 B\u00e2le. Au d\u00e9but de l'op\u00e9ration, la solution dite tumescente (contenant entre autres de l'anesth\u00e9sie locale et de l'adr\u00e9naline) est inject\u00e9e dans le tissu adipeux. La solution tumescente a un effet anesth\u00e9siant et vasoconstricteur et dissout les cellules graisseuses. Apr\u00e8s un temps d'action d'environ 20 minutes, les cellules graisseuses exc\u00e9dentaires sont aspir\u00e9es en douceur dans la r\u00e9gion du menton \u00e0 l'aide d'une fine canule d'aspiration. L'incision cutan\u00e9e ne mesure que quelques millim\u00e8tres et est g\u00e9n\u00e9ralement cach\u00e9e derri\u00e8re le lobe de l'oreille. \u00c0 la fin de l'op\u00e9ration, nous vous appliquons un bandage de compression.<\/p>\n<h2>Juste apr\u00e8s l'op\u00e9ration<\/h2>\n<p>Apr\u00e8s l'op\u00e9ration, vous pourrez vous reposer de l'intervention dans nos belles chambres de patients avec vue sur le Rhin et vous serez pris en charge par notre \u00e9quipe. Apr\u00e8s une nouvelle visite du Dr L\u00fcdi, vous pouvez demander \u00e0 un accompagnateur de venir vous chercher et de rentrer chez vous le jour m\u00eame.<\/p>\n<h2>Le traitement ult\u00e9rieur<\/h2>\n<ul>\n<li>Apr\u00e8s l'intervention, vous devez porter un bandage de compression pendant au moins une semaine. Id\u00e9alement, ce bandage de compression devrait \u00eatre port\u00e9 uniquement la nuit pendant 3 semaines suppl\u00e9mentaires.<\/li>\n<li>Nous recommandons une p\u00e9riode de repos de 4 semaines afin de favoriser un processus de gu\u00e9rison optimal. Pendant cette p\u00e9riode, il est \u00e9galement conseill\u00e9 de ne pas faire de sport.<\/li>\n<li>L'intensit\u00e9 de la douleur apr\u00e8s l'op\u00e9ration est g\u00e9n\u00e9ralement mod\u00e9r\u00e9e et bien contr\u00f4l\u00e9e par les analg\u00e9siques courants.<\/li>\n<li>Les soins des cicatrices peuvent commencer \u00e0 partir de 3 semaines apr\u00e8s l'op\u00e9ration.<\/li>\n<\/ul>\n<h2>Risques et complications<\/h2>\n<p>La double correction du menton est une proc\u00e9dure peu invasive et les complications sont tr\u00e8s rares. Il existe les risques g\u00e9n\u00e9raux li\u00e9s \u00e0 l'op\u00e9ration (p. ex. h\u00e9matomes, troubles de la cicatrisation, infection). Apr\u00e8s l'op\u00e9ration, il faut s'attendre \u00e0 des bleus et \u00e0 des gonflements locaux, qui gu\u00e9rissent toutefois assez rapidement. Une l\u00e9g\u00e8re sensation d'engourdissement dispara\u00eet \u00e9galement au cours des premi\u00e8res semaines. Apr\u00e8s la maturation de la cicatrice, les petites cicatrices sont en g\u00e9n\u00e9ral \u00e0 peine visibles et cach\u00e9es derri\u00e8re le lobe de l'oreille.<\/p>\n<h2>Co\u00fbts<\/h2>\n<p>Les co\u00fbts d'une double correction du menton d\u00e9pendent de vos souhaits, du type et de l'\u00e9tendue de l'op\u00e9ration, du type d'anesth\u00e9sie, ainsi que du mat\u00e9riel n\u00e9cessaire. Dans le cadre d'un entretien de conseil, le Dr L\u00fcdi \u00e9tablira un traitement adapt\u00e9 \u00e0 vos besoins personnels et vous soumettra un devis individuel.<\/p>\n<h2>Questions fr\u00e9quentes<\/h2>\n\t\t\t\t\t\t\t\t\t\t<h3 tabindex=\"0\">L'ablation du double menton est-elle douloureuse ?<\/h3>\n\t\t\t\t\t<p>Apr\u00e8s l'intervention, les zones trait\u00e9es sont gonfl\u00e9es et l\u00e9g\u00e8rement douloureuses \u00e0 la pression. Les douleurs sont toutefois supportables et facilement contr\u00f4lables avec des analg\u00e9siques courants.<\/p>\n\t\t\t\t\t\t\t\t\t\t<h3 tabindex=\"0\">Quand serai-je \u00e0 nouveau capable de vivre en soci\u00e9t\u00e9 apr\u00e8s une double correction du menton ?<\/h3>\n\t\t\t\t\t<p>Apr\u00e8s la gu\u00e9rison des h\u00e9matomes et la diminution de l'enflure dans la r\u00e9gion du menton, vous pourrez \u00e0 nouveau \u00eatre socialement actif apr\u00e8s environ 10 \u00e0 14 jours. Pendant la premi\u00e8re semaine apr\u00e8s l'op\u00e9ration, vous devrez porter un bandage de compression le jour et la nuit, puis uniquement la nuit pendant 3 semaines suppl\u00e9mentaires.<\/p>\n\t\t\t\t\t\t\t\t\t\t<h3 tabindex=\"0\">Combien de temps ne puis-je pas travailler apr\u00e8s une double mentonni\u00e8re ?<\/h3>\n\t\t\t\t\t<p>Apr\u00e8s une double correction du menton, vous n'\u00eates en g\u00e9n\u00e9ral pas trop limit\u00e9 dans vos activit\u00e9s quotidiennes et vous pouvez rapidement reprendre le travail \u00e0 domicile. D\u00e8s que vous \u00eates \u00e0 nouveau apte \u00e0 vivre en soci\u00e9t\u00e9 et que les gonflements et les \u00e9ventuels h\u00e9matomes sont gu\u00e9ris, vous pouvez \u00e9galement retourner au travail (apr\u00e8s environ 10 \u00e0 14 jours).<\/p>\n\t\t\t\t\t\t\t\t\t\t<h3 tabindex=\"0\">La correction du double menton est-elle permanente ?<\/h3>\n\t\t\t\t\t<p>Une fois les cellules graisseuses aspir\u00e9es, elles sont \u00e9limin\u00e9es de mani\u00e8re permanente et ne se reconstituent pas. Si votre poids est stable, vous pouvez donc vous attendre \u00e0 un r\u00e9sultat durable. En cas de prise de poids importante, il est toutefois possible que les cellules graisseuses restantes augmentent de volume aux endroits trait\u00e9s.<\/p>\n\t\t\t\t\t\t\t\t\t\t<h3 tabindex=\"0\">La double correction du menton laisse-t-elle des cicatrices visibles ?<\/h3>\n\t\t\t\t\t<p>Des cicatrices minuscules subsistent au niveau des incisions, mais elles sont normalement presque invisibles et, dans la plupart des cas, cach\u00e9es derri\u00e8re le lobe de l'oreille.<\/p>\n\t\t\t\t\t\t\t\t\t\t<h3 tabindex=\"0\">Quels sont les co\u00fbts d'une op\u00e9ration du double menton en Suisse ?<\/h3>\n\t\t\t\t\t<p>Les co\u00fbts d'une double mentonni\u00e8re d\u00e9pendent entre autres du type d'op\u00e9ration et de la dur\u00e9e. Dans le cadre de l'entretien de conseil, nous vous soumettons volontiers une offre individuelle adapt\u00e9e \u00e0 vos besoins.<\/p>\n\tLe Dr Simona L\u00fcdi vous accueille volontiers pour un entretien personnel dans notre clinique \u00e0 B\u00e2le.<br>\nNous nous r\u00e9jouissons de vous accueillir.\n\t\t\t<a href=\"https:\/\/booking.epat.ch\/goldenschnitt\/booking\" target=\"_blank\" rel=\"noopener\" role=\"button\" aria-label=\"R\u00e9server un rendez-vous de consultation\">\n\t\t\t\t\t\t\tR\u00e9server un rendez-vous de consultation\n\t\t<\/a>","protected":false},"excerpt":{"rendered":"<p>En cas de double menton g\u00eanant, le tissu adipeux sous-cutan\u00e9 peut \u00eatre r\u00e9duit par liposuccion sous anesth\u00e9sie locale. L'objectif de cette op\u00e9ration est d'obtenir une ligne de m\u00e2choire inf\u00e9rieure claire ainsi qu'un angle menton-cou bien d\u00e9fini. La consultation Lors d'une premi\u00e8re consultation d\u00e9taill\u00e9e, le Dr L\u00fcdi prend le temps de r\u00e9pondre \u00e0 votre demande, analyse avec vous les r\u00e9sultats et vous conseille [...].<\/p>","protected":false},"author":6,"featured_media":0,"parent":164,"menu_order":0,"comment_status":"closed","ping_status":"closed","template":"","meta":{"_seopress_robots_primary_cat":"","_seopress_titles_title":"Operative Doppelkinn Entfernung | Dr. Simona L\u00fcdi | Basel","_seopress_titles_desc":"Definiertes Kinn & gestraffte Konturen. Frau Dr. Simona L\u00fcdi ber\u00e4t Sie gerne bez\u00fcglich Entfernung des Doppelkinns in ihrer Klinik Zum Goldenen Schnitt in Basel.","_seopress_robots_index":"","inline_featured_image":false,"site-sidebar-layout":"default","site-content-layout":"","ast-site-content-layout":"default","site-content-style":"default","site-sidebar-style":"default","ast-global-header-display":"","ast-banner-title-visibility":"","ast-main-header-display":"","ast-hfb-above-header-display":"","ast-hfb-below-header-display":"","ast-hfb-mobile-header-display":"","site-post-title":"","ast-breadcrumbs-content":"","ast-featured-img":"","footer-sml-layout":"","theme-transparent-header-meta":"","adv-header-id-meta":"","stick-header-meta":"","header-above-stick-meta":"","header-main-stick-meta":"","header-below-stick-meta":"","astra-migrate-meta-layouts":"set","ast-page-background-enabled":"default","ast-page-background-meta":{"desktop":{"background-color":"var(--ast-global-color-4)","background-image":"","background-repeat":"repeat","background-position":"center center","background-size":"auto","background-attachment":"scroll","background-type":"","background-media":"","overlay-type":"","overlay-color":"","overlay-opacity":"","overlay-gradient":""},"tablet":{"background-color":"","background-image":"","background-repeat":"repeat","background-position":"center center","background-size":"auto","background-attachment":"scroll","background-type":"","background-media":"","overlay-type":"","overlay-color":"","overlay-opacity":"","overlay-gradient":""},"mobile":{"background-color":"","background-image":"","background-repeat":"repeat","background-position":"center center","background-size":"auto","background-attachment":"scroll","background-type":"","background-media":"","overlay-type":"","overlay-color":"","overlay-opacity":"","overlay-gradient":""}},"ast-content-background-meta":{"desktop":{"background-color":"var(--ast-global-color-5)","background-image":"","background-repeat":"repeat","background-position":"center center","background-size":"auto","background-attachment":"scroll","background-type":"","background-media":"","overlay-type":"","overlay-color":"","overlay-opacity":"","overlay-gradient":""},"tablet":{"background-color":"var(--ast-global-color-5)","background-image":"","background-repeat":"repeat","background-position":"center center","background-size":"auto","background-attachment":"scroll","background-type":"","background-media":"","overlay-type":"","overlay-color":"","overlay-opacity":"","overlay-gradient":""},"mobile":{"background-color":"var(--ast-global-color-5)","background-image":"","background-repeat":"repeat","background-position":"center center","background-size":"auto","background-attachment":"scroll","background-type":"","background-media":"","overlay-type":"","overlay-color":"","overlay-opacity":"","overlay-gradient":""}},"footnotes":""},"class_list":["post-183","page","type-page","status-publish"],"_links":{"self":[{"href":"https:\/\/www.zumgoldenenschnitt.ch\/fr\/wp-json\/wp\/v2\/pages\/183","targetHints":{"allow":["GET"]}}],"collection":[{"href":"https:\/\/www.zumgoldenenschnitt.ch\/fr\/wp-json\/wp\/v2\/pages"}],"about":[{"href":"https:\/\/www.zumgoldenenschnitt.ch\/fr\/wp-json\/wp\/v2\/types\/page"}],"author":[{"embeddable":true,"href":"https:\/\/www.zumgoldenenschnitt.ch\/fr\/wp-json\/wp\/v2\/users\/6"}],"replies":[{"embeddable":true,"href":"https:\/\/www.zumgoldenenschnitt.ch\/fr\/wp-json\/wp\/v2\/comments?post=183"}],"version-history":[{"count":35,"href":"https:\/\/www.zumgoldenenschnitt.ch\/fr\/wp-json\/wp\/v2\/pages\/183\/revisions"}],"predecessor-version":[{"id":2279,"href":"https:\/\/www.zumgoldenenschnitt.ch\/fr\/wp-json\/wp\/v2\/pages\/183\/revisions\/2279"}],"up":[{"embeddable":true,"href":"https:\/\/www.zumgoldenenschnitt.ch\/fr\/wp-json\/wp\/v2\/pages\/164"}],"wp:attachment":[{"href":"https:\/\/www.zumgoldenenschnitt.ch\/fr\/wp-json\/wp\/v2\/media?parent=183"}],"curies":[{"name":"wp","href":"https:\/\/api.w.org\/{rel}","templated":true}]}}