{"id":573,"date":"2023-01-26T16:41:22","date_gmt":"2023-01-26T15:41:22","guid":{"rendered":"https:\/\/www.zumgoldenenschnitt.ch\/?page_id=573"},"modified":"2026-02-26T14:07:39","modified_gmt":"2026-02-26T13:07:39","slug":"prp-behandlung-vampir-lifting-eigenbluttherapie-in-basel","status":"publish","type":"page","link":"https:\/\/www.zumgoldenenschnitt.ch\/fr\/offre\/visage\/prp-traitement-vampire-lifting-therapie-par-le-sang-autologue-a-bale\/","title":{"rendered":"Traitement PRP | Vampire Lifting | Th\u00e9rapie par le sang autologue \u00e0 B\u00e2le"},"content":{"rendered":"<p>Le traitement au plasma riche en plaquettes (PRP) est un moyen efficace de r\u00e9g\u00e9n\u00e9rer la peau de mani\u00e8re naturelle et par ses propres moyens. Le plasma sanguin contient une grande quantit\u00e9 de facteurs de croissance et de prot\u00e9ines qui ont un effet positif sur la peau. L'autoh\u00e9moth\u00e9rapie tire parti des processus de gu\u00e9rison naturels de notre corps : En cas de blessure, les plaquettes sanguines et d'autres composants migrent vers la zone touch\u00e9e et assurent en premier lieu l'h\u00e9mostase, puis la r\u00e9paration des tissus. Lors d'un traitement PRP, le plasma riche en plaquettes est soit inject\u00e9 directement dans la peau (vampire lifting), soit combin\u00e9 \u00e0 un traitement par microneedling. Les microl\u00e9sions ainsi que les facteurs de croissance pr\u00e9sents dans le plasma ou les plaquettes sanguines stimulent le renouvellement cellulaire et la production endog\u00e8ne de collag\u00e8ne, d'\u00e9lastine et d'acide hyaluronique naturel. Cela conf\u00e8re naturellement \u00e0 la peau plus d'\u00e9lasticit\u00e9, de fra\u00eecheur et de vitalit\u00e9 et conduit \u00e0 une am\u00e9lioration de l'aspect de la peau et \u00e0 un teint ros\u00e9. Le traitement PRP n'est pas seulement une m\u00e9thode anti-\u00e2ge naturelle, il est \u00e9galement utilis\u00e9 avec succ\u00e8s contre les cernes, pour rajeunir le cou ou pour traiter les cicatrices d'acn\u00e9 et la chute des cheveux.<\/p>\n\t\t\t\t<img loading=\"lazy\" decoding=\"async\" src=\"https:\/\/www.zumgoldenenschnitt.ch\/wp-content\/uploads\/2023\/02\/3-prp_traitement-par-sang-autologue-vampire-lifting-info-fr.svg\" alt=\"3 prp autoh\u00e9moth\u00e9rapie visage infos\" itemprop=\"image\" height=\"1000\" width=\"1000\" title=\"3-prp_th\u00e9rapie du sang autologue-visage-infos\" onerror=\"this.style.display='none'\"  \/>\n\t\t\t\t<img loading=\"lazy\" decoding=\"async\" src=\"https:\/\/www.zumgoldenenschnitt.ch\/wp-content\/uploads\/2023\/01\/prp-behandlung-vampire-lifting-_-eigenbluttherapie-in-basel-basel.jpg\" alt=\"traitement prp vampire lifting autoh\u00e9moth\u00e9rapie \u00e0 b\u00e2le b\u00e2le\" itemprop=\"image\" height=\"1000\" width=\"1000\" title=\"prp-traitement-vampire-lifting-_th\u00e9rapie-du-sang-autonome-\u00e0-b\u00e2le-b\u00e2le\" onerror=\"this.style.display='none'\"  \/>\n\t<h2>Domaine d'application<\/h2>\n<ul>\n<li>Rajeunissement de la peau<\/li>\n<li>Petites rides<\/li>\n<li>Cernes sombres sous les yeux<\/li>\n<li>Traitement des cicatrices, entre autres les cicatrices d'acn\u00e9<\/li>\n<li>Troubles de la pigmentation<\/li>\n<li>Croissance des cheveux<\/li>\n<\/ul>\n<h2>Le traitement<\/h2>\n<ol>\n<li>Pr\u00e9paration de la peau et application d'une cr\u00e8me anesth\u00e9siante locale<\/li>\n<li>Pr\u00e9l\u00e8vement d'une petite quantit\u00e9 de sang<\/li>\n<li>Traitement et centrifugation du sang, pr\u00e9l\u00e8vement de plasma riche en plaquettes (PRP)<\/li>\n<li>Injection de PRP dans la r\u00e9gion souhait\u00e9e (paupi\u00e8re inf\u00e9rieure, r\u00e9gion buccale, front, racine des cheveux, etc.) ou combinaison avec un traitement de microneedling<\/li>\n<li>Masque pour le visage, cr\u00e8me hydratante pour la peau et cr\u00e8me de protection solaire<\/li>\n<\/ol>\n<p>Pour un r\u00e9sultat optimal, il est recommand\u00e9 d'effectuer 3 \u00e0 4 traitements PRP \u00e0 environ 4 semaines d'intervalle.<\/p>\n<h2>Le traitement post-th\u00e9rapeutique apr\u00e8s une autoh\u00e9moth\u00e9rapie<\/h2>\n<ul>\n<li>Soin hydratant pour la peau<\/li>\n<li>Protection solaire avec facteur de protection 50+ pendant 3 mois<\/li>\n<li>maquillage possible d\u00e8s le premier jour apr\u00e8s le traitement<\/li>\n<\/ul>\n<h2>Risques et complications<\/h2>\nComme le PRP est un mat\u00e9riau autologue, le traitement est s\u00fbr et bien tol\u00e9r\u00e9. Les petits bleus sont tr\u00e8s rares, car nous travaillons avec des aiguilles tr\u00e8s fines.<br \/>\nLorsque le traitement PRP est combin\u00e9 au microneedling, la peau pr\u00e9sente une rougeur imm\u00e9diatement apr\u00e8s le traitement. La rougeur de la peau s'att\u00e9nue toutefois consid\u00e9rablement au bout de quelques heures et dispara\u00eet g\u00e9n\u00e9ralement au bout de 2 \u00e0 3 jours.\n<h2>Questions fr\u00e9quentes<\/h2>\n\t\t\t\t\t\t\t\t\t\t<h3 tabindex=\"0\">Quand les effets d'un traitement PRP sont-ils visibles ?<\/h3>\n\t\t\t\t\t<p>Une fois le plasma inject\u00e9, les processus de r\u00e9g\u00e9n\u00e9ration naturelle de la peau sont mis en route et une production accrue de collag\u00e8ne et d'\u00e9lastine est stimul\u00e9e.<br \/>Quelques jours seulement apr\u00e8s un traitement par microneedling, les premiers effets sont visibles et la peau para\u00eet plus \u00e9clatante et plus fra\u00eeche. Il faut toutefois attendre 2 \u00e0 3 mois pour que le traitement PRP d\u00e9ploie tous ses effets et que les processus de r\u00e9g\u00e9n\u00e9ration fassent effet.<\/p>\n\t\t\t\t\t\t\t\t\t\t<h3 tabindex=\"0\">Combien de traitements PRP sont n\u00e9cessaires ?<\/h3>\n\t\t\t\t\t<p>Le nombre de traitements que nous vous recommandons d\u00e9pend de votre \u00e9tat initial ainsi que du r\u00e9sultat souhait\u00e9. En r\u00e8gle g\u00e9n\u00e9rale, pour obtenir un r\u00e9sultat optimal, il est recommand\u00e9 d'effectuer 3 \u00e0 4 traitements PRP \u00e0 environ 4 semaines d'intervalle.<\/p>\n\t\t\t\t\t\t\t\t\t\t<h3 tabindex=\"0\">Apr\u00e8s une autoh\u00e9moth\u00e9rapie, quand serai-je \u00e0 nouveau apte \u00e0 vivre en soci\u00e9t\u00e9 ?<\/h3>\n\t\t\t\t\t<p>En r\u00e8gle g\u00e9n\u00e9rale, vous \u00eates \u00e0 nouveau apte \u00e0 vivre en soci\u00e9t\u00e9 au bout d'un ou deux jours. Selon la technique de traitement, la peau peut encore \u00eatre l\u00e9g\u00e8rement rouge au d\u00e9but, mais cela dispara\u00eet rapidement. D\u00e8s le lendemain du traitement, vous pouvez \u00e0 nouveau vous maquiller et masquer les l\u00e9g\u00e8res rougeurs avec du fond de teint.<\/p>\n\t\t\t\t\t\t\t\t\t\t<h3 tabindex=\"0\">Quand puis-je me maquiller \u00e0 nouveau apr\u00e8s un traitement PRP ?<\/h3>\n\t\t\t\t\t<p>Le jour du traitement, vous devez \u00e9viter de vous maquiller. D\u00e8s le lendemain du traitement, vous pouvez \u00e0 nouveau vous maquiller et masquer les l\u00e9g\u00e8res rougeurs avec du fond de teint.<\/p>\n\t\t\t\t\t\t\t\t\t\t<h3 tabindex=\"0\">Combien co\u00fbte une autoh\u00e9moth\u00e9rapie \/ un vampire lifting \u00e0 la clinique Zum Goldenen Schnitt \u00e0 B\u00e2le ?<\/h3>\n\t\t\t\t\t<p>Un traitement PRP est disponible chez nous \u00e0 partir de 500 CHF.<\/p>\n\t<p>Lisez aussi notre article du Journal <a href=\"https:\/\/www.zumgoldenenschnitt.ch\/fr\/lifting-vampirique-pour-une-peau-fraiche-et-eclatante\/\">\"Lifting vampire pour une peau fra\u00eeche et \u00e9clatante !\"<\/a>.<\/p>\n<p>Madame Dr. med. Simona L\u00fcdi vous accueille volontiers pour un entretien personnel en vue d'une autoh\u00e9moth\u00e9rapie dans notre clinique \u00e0 B\u00e2le. Nous nous r\u00e9jouissons de vous rencontrer.<\/p>\n\t\t\t<a href=\"https:\/\/booking.epat.ch\/goldenschnitt\/booking\" target=\"_blank\" rel=\"noopener\" role=\"button\" aria-label=\"R\u00e9server un rendez-vous de consultation\">\n\t\t\t\t\t\t\tR\u00e9server un rendez-vous de consultation\n\t\t<\/a>","protected":false},"excerpt":{"rendered":"<p>Le traitement au plasma riche en plaquettes (PRP) est un moyen efficace de r\u00e9g\u00e9n\u00e9rer la peau de mani\u00e8re naturelle et par ses propres moyens. Le plasma sanguin contient une grande quantit\u00e9 de facteurs de croissance et de prot\u00e9ines qui ont un effet positif sur la peau. L'autoh\u00e9moth\u00e9rapie tire parti des processus de gu\u00e9rison naturels de notre corps : En cas de blessure, les plaquettes sanguines et les [...]<\/p>","protected":false},"author":6,"featured_media":0,"parent":164,"menu_order":0,"comment_status":"closed","ping_status":"closed","template":"","meta":{"_seopress_robots_primary_cat":"","_seopress_titles_title":"PRP Behandlung | Vampir Lifting | Eigenbluttherapie | Basel","_seopress_titles_desc":"Verfeinerung von Poren und Hautbild, Anti-Aging & Behandlung von Aknenarben mittels PRP (Eigenbluttherapie) \/ Vampir Lifting bei Dr. Simona L\u00fcdi in Basel.","_seopress_robots_index":"","inline_featured_image":false,"site-sidebar-layout":"default","site-content-layout":"","ast-site-content-layout":"default","site-content-style":"default","site-sidebar-style":"default","ast-global-header-display":"","ast-banner-title-visibility":"","ast-main-header-display":"","ast-hfb-above-header-display":"","ast-hfb-below-header-display":"","ast-hfb-mobile-header-display":"","site-post-title":"","ast-breadcrumbs-content":"","ast-featured-img":"","footer-sml-layout":"","theme-transparent-header-meta":"","adv-header-id-meta":"","stick-header-meta":"","header-above-stick-meta":"","header-main-stick-meta":"","header-below-stick-meta":"","astra-migrate-meta-layouts":"set","ast-page-background-enabled":"default","ast-page-background-meta":{"desktop":{"background-color":"var(--ast-global-color-4)","background-image":"","background-repeat":"repeat","background-position":"center center","background-size":"auto","background-attachment":"scroll","background-type":"","background-media":"","overlay-type":"","overlay-color":"","overlay-opacity":"","overlay-gradient":""},"tablet":{"background-color":"","background-image":"","background-repeat":"repeat","background-position":"center center","background-size":"auto","background-attachment":"scroll","background-type":"","background-media":"","overlay-type":"","overlay-color":"","overlay-opacity":"","overlay-gradient":""},"mobile":{"background-color":"","background-image":"","background-repeat":"repeat","background-position":"center center","background-size":"auto","background-attachment":"scroll","background-type":"","background-media":"","overlay-type":"","overlay-color":"","overlay-opacity":"","overlay-gradient":""}},"ast-content-background-meta":{"desktop":{"background-color":"var(--ast-global-color-5)","background-image":"","background-repeat":"repeat","background-position":"center center","background-size":"auto","background-attachment":"scroll","background-type":"","background-media":"","overlay-type":"","overlay-color":"","overlay-opacity":"","overlay-gradient":""},"tablet":{"background-color":"var(--ast-global-color-5)","background-image":"","background-repeat":"repeat","background-position":"center center","background-size":"auto","background-attachment":"scroll","background-type":"","background-media":"","overlay-type":"","overlay-color":"","overlay-opacity":"","overlay-gradient":""},"mobile":{"background-color":"var(--ast-global-color-5)","background-image":"","background-repeat":"repeat","background-position":"center center","background-size":"auto","background-attachment":"scroll","background-type":"","background-media":"","overlay-type":"","overlay-color":"","overlay-opacity":"","overlay-gradient":""}},"footnotes":""},"class_list":["post-573","page","type-page","status-publish"],"_links":{"self":[{"href":"https:\/\/www.zumgoldenenschnitt.ch\/fr\/wp-json\/wp\/v2\/pages\/573","targetHints":{"allow":["GET"]}}],"collection":[{"href":"https:\/\/www.zumgoldenenschnitt.ch\/fr\/wp-json\/wp\/v2\/pages"}],"about":[{"href":"https:\/\/www.zumgoldenenschnitt.ch\/fr\/wp-json\/wp\/v2\/types\/page"}],"author":[{"embeddable":true,"href":"https:\/\/www.zumgoldenenschnitt.ch\/fr\/wp-json\/wp\/v2\/users\/6"}],"replies":[{"embeddable":true,"href":"https:\/\/www.zumgoldenenschnitt.ch\/fr\/wp-json\/wp\/v2\/comments?post=573"}],"version-history":[{"count":10,"href":"https:\/\/www.zumgoldenenschnitt.ch\/fr\/wp-json\/wp\/v2\/pages\/573\/revisions"}],"predecessor-version":[{"id":2285,"href":"https:\/\/www.zumgoldenenschnitt.ch\/fr\/wp-json\/wp\/v2\/pages\/573\/revisions\/2285"}],"up":[{"embeddable":true,"href":"https:\/\/www.zumgoldenenschnitt.ch\/fr\/wp-json\/wp\/v2\/pages\/164"}],"wp:attachment":[{"href":"https:\/\/www.zumgoldenenschnitt.ch\/fr\/wp-json\/wp\/v2\/media?parent=573"}],"curies":[{"name":"wp","href":"https:\/\/api.w.org\/{rel}","templated":true}]}}