{"id":604,"date":"2023-01-26T16:53:40","date_gmt":"2023-01-26T15:53:40","guid":{"rendered":"https:\/\/www.zumgoldenenschnitt.ch\/?page_id=604"},"modified":"2026-02-26T14:10:59","modified_gmt":"2026-02-26T13:10:59","slug":"korrektur-ohrlaeppchen","status":"publish","type":"page","link":"https:\/\/www.zumgoldenenschnitt.ch\/fr\/offre\/oreilles\/oreillettes-de-correction\/","title":{"rendered":"Correction du lobe de l'oreille"},"content":{"rendered":"<p>Les trous perc\u00e9s \u00e9largis ou allong\u00e9s dans le lobe d'oreille ou les lobes d'oreille d\u00e9chir\u00e9s peuvent \u00eatre corrig\u00e9s par une reconstruction du lobe d'oreille. Une petite op\u00e9ration sous anesth\u00e9sie locale permet de d\u00e9couper et de fermer le d\u00e9faut. La forme originale du lobe d'oreille peut ainsi \u00eatre r\u00e9tablie.<\/p>\n\t\t\t\t<img loading=\"lazy\" decoding=\"async\" src=\"https:\/\/www.zumgoldenenschnitt.ch\/wp-content\/uploads\/2023\/02\/15-correction-du-lobe-de-l-oreille-info-fr.svg\" alt=\"15 informations sur la correction des lobes d&#039;oreille\" itemprop=\"image\" height=\"1000\" width=\"1000\" title=\"15-correction-lobes d&#039;oreille-infos\" onerror=\"this.style.display='none'\"  \/>\n\t\t\t\t<img loading=\"lazy\" decoding=\"async\" src=\"https:\/\/www.zumgoldenenschnitt.ch\/wp-content\/uploads\/2023\/01\/korrektur-ohrlaeppchen-basel.jpg\" alt=\"correction lobes d&#039;oreilles b\u00e2le\" itemprop=\"image\" height=\"1000\" width=\"1000\" title=\"correction-oreilles-basel\" onerror=\"this.style.display='none'\"  \/>\n\t<h2>Co\u00fbts<\/h2>\n<p>Piercing aux oreilles : \u00e0 partir de CHF 800<\/p>\n<p>Tunnel auriculaire : \u00e0 partir de CHF 2500<\/p>\n<h2>Questions fr\u00e9quentes<\/h2>\n\t\t\t\t\t\t\t\t\t\t<h3 tabindex=\"0\">Des cicatrices seront-elles visibles ?<\/h3>\n\t\t\t\t\t<p>Les cicatrices sont plac\u00e9es de mani\u00e8re \u00e0 ce qu'elles soient \u00e0 peine visibles une fois la maturation des cicatrices termin\u00e9e.<\/p>\n\t\t\t\t\t\t\t\t\t\t<h3 tabindex=\"0\">Quand peut-on se faire percer les oreilles ?<\/h3>\n\t\t\t\t\t<p>Si vous souhaitez vous faire percer un nouveau piercing\/trou au niveau du lobe de l'oreille, nous vous recommandons d'attendre au moins 6 \u00e0 9 mois apr\u00e8s l'op\u00e9ration (maturation de la cicatrice).<\/p>\n\t<p>Le Dr Simona L\u00fcdi vous accueille volontiers pour un entretien personnel dans notre clinique \u00e0 B\u00e2le. Nous nous r\u00e9jouissons de vous rencontrer.<\/p>\n\t\t\t<a href=\"https:\/\/booking.epat.ch\/goldenschnitt\/booking\" target=\"_blank\" rel=\"noopener\" role=\"button\" aria-label=\"R\u00e9server un rendez-vous de consultation\">\n\t\t\t\t\t\t\tR\u00e9server un rendez-vous de consultation\n\t\t<\/a>","protected":false},"excerpt":{"rendered":"<p>Les trous perc\u00e9s \u00e9largis ou allong\u00e9s dans le lobe d'oreille ou les lobes d'oreille d\u00e9chir\u00e9s peuvent \u00eatre corrig\u00e9s par une reconstruction du lobe d'oreille. Une petite op\u00e9ration sous anesth\u00e9sie locale permet de d\u00e9couper et de fermer le d\u00e9faut. La forme originale du lobe d'oreille peut ainsi \u00eatre r\u00e9tablie. Co\u00fbts Piercing de l'oreille : \u00e0 partir de CHF 800 Tunnel auriculaire : \u00e0 partir de CHF 2500 Questions fr\u00e9quentes Des cicatrices seront-elles visibles ? [...]<\/p>","protected":false},"author":6,"featured_media":0,"parent":553,"menu_order":0,"comment_status":"closed","ping_status":"closed","template":"","meta":{"_seopress_robots_primary_cat":"","_seopress_titles_title":"Ohrl\u00e4ppchen Korrektur | Klinik Zum Goldenen Schnitt | Basel","_seopress_titles_desc":"Korrektur eingerissener Ohrl\u00e4ppchen & Ohrl\u00e4ppchenverkleinerung durch Frau Dr. Simona L\u00fcdi, Fach\u00e4rztin f\u00fcr Plastische & \u00c4sthetische Chirurgie in Basel.","_seopress_robots_index":"","inline_featured_image":false,"site-sidebar-layout":"default","site-content-layout":"","ast-site-content-layout":"default","site-content-style":"default","site-sidebar-style":"default","ast-global-header-display":"","ast-banner-title-visibility":"","ast-main-header-display":"","ast-hfb-above-header-display":"","ast-hfb-below-header-display":"","ast-hfb-mobile-header-display":"","site-post-title":"","ast-breadcrumbs-content":"","ast-featured-img":"","footer-sml-layout":"","theme-transparent-header-meta":"","adv-header-id-meta":"","stick-header-meta":"","header-above-stick-meta":"","header-main-stick-meta":"","header-below-stick-meta":"","astra-migrate-meta-layouts":"set","ast-page-background-enabled":"default","ast-page-background-meta":{"desktop":{"background-color":"var(--ast-global-color-4)","background-image":"","background-repeat":"repeat","background-position":"center center","background-size":"auto","background-attachment":"scroll","background-type":"","background-media":"","overlay-type":"","overlay-color":"","overlay-opacity":"","overlay-gradient":""},"tablet":{"background-color":"","background-image":"","background-repeat":"repeat","background-position":"center center","background-size":"auto","background-attachment":"scroll","background-type":"","background-media":"","overlay-type":"","overlay-color":"","overlay-opacity":"","overlay-gradient":""},"mobile":{"background-color":"","background-image":"","background-repeat":"repeat","background-position":"center center","background-size":"auto","background-attachment":"scroll","background-type":"","background-media":"","overlay-type":"","overlay-color":"","overlay-opacity":"","overlay-gradient":""}},"ast-content-background-meta":{"desktop":{"background-color":"var(--ast-global-color-5)","background-image":"","background-repeat":"repeat","background-position":"center center","background-size":"auto","background-attachment":"scroll","background-type":"","background-media":"","overlay-type":"","overlay-color":"","overlay-opacity":"","overlay-gradient":""},"tablet":{"background-color":"var(--ast-global-color-5)","background-image":"","background-repeat":"repeat","background-position":"center center","background-size":"auto","background-attachment":"scroll","background-type":"","background-media":"","overlay-type":"","overlay-color":"","overlay-opacity":"","overlay-gradient":""},"mobile":{"background-color":"var(--ast-global-color-5)","background-image":"","background-repeat":"repeat","background-position":"center center","background-size":"auto","background-attachment":"scroll","background-type":"","background-media":"","overlay-type":"","overlay-color":"","overlay-opacity":"","overlay-gradient":""}},"footnotes":""},"class_list":["post-604","page","type-page","status-publish"],"_links":{"self":[{"href":"https:\/\/www.zumgoldenenschnitt.ch\/fr\/wp-json\/wp\/v2\/pages\/604","targetHints":{"allow":["GET"]}}],"collection":[{"href":"https:\/\/www.zumgoldenenschnitt.ch\/fr\/wp-json\/wp\/v2\/pages"}],"about":[{"href":"https:\/\/www.zumgoldenenschnitt.ch\/fr\/wp-json\/wp\/v2\/types\/page"}],"author":[{"embeddable":true,"href":"https:\/\/www.zumgoldenenschnitt.ch\/fr\/wp-json\/wp\/v2\/users\/6"}],"replies":[{"embeddable":true,"href":"https:\/\/www.zumgoldenenschnitt.ch\/fr\/wp-json\/wp\/v2\/comments?post=604"}],"version-history":[{"count":5,"href":"https:\/\/www.zumgoldenenschnitt.ch\/fr\/wp-json\/wp\/v2\/pages\/604\/revisions"}],"predecessor-version":[{"id":2295,"href":"https:\/\/www.zumgoldenenschnitt.ch\/fr\/wp-json\/wp\/v2\/pages\/604\/revisions\/2295"}],"up":[{"embeddable":true,"href":"https:\/\/www.zumgoldenenschnitt.ch\/fr\/wp-json\/wp\/v2\/pages\/553"}],"wp:attachment":[{"href":"https:\/\/www.zumgoldenenschnitt.ch\/fr\/wp-json\/wp\/v2\/media?parent=604"}],"curies":[{"name":"wp","href":"https:\/\/api.w.org\/{rel}","templated":true}]}}